{"id":2825,"date":"2015-02-02T04:30:57","date_gmt":"2015-02-02T04:30:57","guid":{"rendered":"http:\/\/rttheme19.rtthemes.com\/?page_id=9"},"modified":"2023-10-26T09:34:03","modified_gmt":"2023-10-26T09:34:03","slug":"about-us","status":"publish","type":"page","link":"https:\/\/sektorelfirmalar.com\/reklam\/about-us\/","title":{"rendered":"Hakk\u0131m\u0131zda"},"content":{"rendered":"<p>B\u0130Z K\u0130M\u0130Z?<\/p>\n<p>\u201c<strong>Sekt\u00f6rel Firmalar<\/strong>\u201d olarak T\u00fcrkiye\u2019deki k\u00fc\u00e7\u00fck, orta ve b\u00fcy\u00fck \u00f6l\u00e7ekli firmalar\u0131 bir araya getiren\u00a0<strong>103 ana kategori ve 361 alt sekt\u00f6r\u00fcn<\/strong>\u00a0bir arada oldu\u011fu\u00a0<a href=\"https:\/\/www.sektorelfirmalar.com\/\">www.sektorelfirmalar.com<\/a>\u00a0internet sitesinin sahibidir.<\/p>\n<p><strong>Sekt\u00f6relFirmalar.com<\/strong>\u00a0internet sitesinde \u00fcyelik ve firma eklemek\u00a0<strong>\u00dcCRETS\u0130Z<\/strong>dir. \u00dccretsiz firma ekleme \u00f6zelliklerinin bulundu\u011fu gibi, i\u015fletme bilgilerinin, \u00fcr\u00fcn ve hizmetlerin co\u011frafi bilgileriniz \u00fczerinde m\u00fc\u015fterilerinize ula\u015fman\u0131z\u0131 sa\u011flar. Profesyonel ileti\u015fim ve reklam ama\u00e7l\u0131 olarak GOLD \u00fcyelik paketlerinde 3, 6 ve 12\u00a0 ayl\u0131k olarak faydalan\u0131lmaktad\u0131r.<\/p>\n<p>GOLD \u00fcyeliklerde i\u015fletmenizin ve ileti\u015fim bilgileri, adres krokisi, \u00fcr\u00fcn ve hizmetleri, foto\u011fraflar\u0131 ve firma tan\u0131t\u0131m yaz\u0131s\u0131 ile hizmetlerinizi \u201c<strong>sektorelfirmalar.com<\/strong>\u201d arac\u0131l\u0131\u011f\u0131 ile kolayl\u0131kla tan\u0131tabilirsiniz. \u201c<a href=\"https:\/\/sektorelfirmalar.com\/rehber\/giris\/\"><strong>Firmam\u0131 Eklemek \u0130stiyorum<\/strong><\/a>\u201d sekmesinden \u00dcCRETS\u0130Z olarak firma kayd\u0131n\u0131 olu\u015fturarak, t\u00fcm kullan\u0131c\u0131lar kendi sayfalar\u0131n\u0131 ba\u011f\u0131ms\u0131z olarak haz\u0131rlar.<\/p>\n<p><strong>SektorelFirmalar.com<\/strong>\u00a0sitesi ile ilgili istek, \u015fikayet, \u00f6neri, hatal\u0131 veya ba\u015fka bir sebepten yanl\u0131\u015f yay\u0131nlanan bir sayfa oldu\u011funu d\u00fc\u015f\u00fcn\u00fcyorsan\u0131z bize\u00a0<a href=\"mailto:info@sektorelfirmalar.com\">info@sektorelfirmalar.com<\/a> e-posta adresinden ula\u015ft\u0131rabilirsiniz.<\/p>\n<p>&nbsp;<\/p>\n","protected":false},"excerpt":{"rendered":"<p>B\u0130Z K\u0130M\u0130Z? \u201cSekt\u00f6rel Firmalar\u201d olarak T\u00fcrkiye\u2019deki k\u00fc\u00e7\u00fck, orta ve b\u00fcy\u00fck \u00f6l\u00e7ekli firmalar\u0131 bir araya getiren\u00a0103 ana kategori ve 361 alt sekt\u00f6r\u00fcn\u00a0bir arada oldu\u011fu\u00a0www.sektorelfirmalar.com\u00a0internet sitesinin sahibidir. Sekt\u00f6relFirmalar.com\u00a0internet sitesinde \u00fcyelik ve firma eklemek\u00a0\u00dcCRETS\u0130Zdir. \u00dccretsiz firma ekleme \u00f6zelliklerinin bulundu\u011fu gibi, i\u015fletme bilgilerinin, \u00fcr\u00fcn ve hizmetlerin co\u011frafi bilgileriniz \u00fczerinde m\u00fc\u015fterilerinize ula\u015fman\u0131z\u0131 sa\u011flar. Profesyonel ileti\u015fim ve reklam ama\u00e7l\u0131 olarak GOLD [&hellip;]<\/p>\n","protected":false},"author":1,"featured_media":0,"parent":0,"menu_order":0,"comment_status":"open","ping_status":"open","template":"","meta":{"footnotes":""},"class_list":["post-2825","page","type-page","status-publish","hentry"],"_links":{"self":[{"href":"https:\/\/sektorelfirmalar.com\/reklam\/wp-json\/wp\/v2\/pages\/2825","targetHints":{"allow":["GET"]}}],"collection":[{"href":"https:\/\/sektorelfirmalar.com\/reklam\/wp-json\/wp\/v2\/pages"}],"about":[{"href":"https:\/\/sektorelfirmalar.com\/reklam\/wp-json\/wp\/v2\/types\/page"}],"author":[{"embeddable":true,"href":"https:\/\/sektorelfirmalar.com\/reklam\/wp-json\/wp\/v2\/users\/1"}],"replies":[{"embeddable":true,"href":"https:\/\/sektorelfirmalar.com\/reklam\/wp-json\/wp\/v2\/comments?post=2825"}],"version-history":[{"count":9,"href":"https:\/\/sektorelfirmalar.com\/reklam\/wp-json\/wp\/v2\/pages\/2825\/revisions"}],"predecessor-version":[{"id":15765,"href":"https:\/\/sektorelfirmalar.com\/reklam\/wp-json\/wp\/v2\/pages\/2825\/revisions\/15765"}],"wp:attachment":[{"href":"https:\/\/sektorelfirmalar.com\/reklam\/wp-json\/wp\/v2\/media?parent=2825"}],"curies":[{"name":"wp","href":"https:\/\/api.w.org\/{rel}","templated":true}]}}